{"id":422,"date":"2020-11-16T17:54:20","date_gmt":"2020-11-16T16:54:20","guid":{"rendered":"https:\/\/newadaoncloud.staging.thedigitalbox.com\/es\/?page_id=422"},"modified":"2023-03-14T12:39:44","modified_gmt":"2023-03-14T11:39:44","slug":"social-media-marketing","status":"publish","type":"page","link":"https:\/\/www.adaoncloud.com\/cat\/social-media-marketing\/","title":{"rendered":"Social Media Marketing CAT"},"content":{"rendered":"<p>[vc_row full_width=&#8221;stretch_row_content_no_spaces&#8221; equal_height=&#8221;yes&#8221; rtl_reverse=&#8221;yes&#8221; content_placement=&#8221;top&#8221; css=&#8221;.vc_custom_1613661852478{margin-bottom: 0px !important;padding-bottom: 0px !important;}&#8221;][vc_column width=&#8221;1\/3&#8243;][vc_custom_heading text=&#8221;Integra<br \/>\nOptimitza<br \/>\nAdministra&#8221; font_container=&#8221;tag:h1|font_size:60px|text_align:left|color:%23083944&#8243; use_theme_fonts=&#8221;yes&#8221; css_animation=&#8221;fadeInDown&#8221;][vc_column_text css_animation=&#8221;fadeInUp&#8221; el_class=&#8221;paragrafo padding10 font15&#8243;]<\/p>\n<h4>Social Content<\/h4>\n<p>Gestiona les teves xarxes socials des d&#8217;ADA. Podr\u00e0s crear diversos tipus de continguts, guardar-los i crear un pla editorial per planificar tot un per\u00edode de temps.[\/vc_column_text][vc_btn title=&#8221;Registra&#8217;t GRATIS&#8221; style=&#8221;custom&#8221; custom_background=&#8221;#9c495d&#8221; custom_text=&#8221;#ffffff&#8221; shape=&#8221;round&#8221; size=&#8221;lg&#8221; align=&#8221;left&#8221; css_animation=&#8221;fadeInUp&#8221; link=&#8221;url:https%3A%2F%2Flps.adaoncloud.com%2F2IHj2&#8243;][\/vc_column][vc_column width=&#8221;2\/3&#8243; css=&#8221;.vc_custom_1616086938481{margin-bottom: -30px !important;background-image: url(https:\/\/www.www.adaoncloud.com\/ct\/wp-content\/uploads\/sites\/16\/2021\/03\/Social-content-testimonial-distribute.png?id=2042) !important;background-position: center !important;background-repeat: no-repeat !important;background-size: contain !important;}&#8221;][vc_single_image image=&#8221;2042&#8243; img_size=&#8221;full&#8221;][\/vc_column][\/vc_row][vc_section full_width=&#8221;stretch_row&#8221; css=&#8221;.vc_custom_1605103445882{margin-bottom: 0px !important;padding-bottom: 0px !important;background-color: #ffffff !important;}&#8221;][vc_row full_width=&#8221;stretch_row_content_no_spaces&#8221; content_placement=&#8221;top&#8221; css=&#8221;.vc_custom_1613662224239{padding-top: 50px !important;padding-right: 0px !important;padding-left: 0px !important;background-color: #1f9f97 !important;}&#8221;][vc_column css=&#8221;.vc_custom_1604939591857{padding-right: 5% !important;padding-left: 5% !important;}&#8221;][vc_row_inner][vc_column_inner width=&#8221;1\/2&#8243;][vc_single_image image=&#8221;1710&#8243; img_size=&#8221;full&#8221; css_animation=&#8221;flipInY&#8221;][vc_empty_space height=&#8221;35px&#8221;][\/vc_column_inner][vc_column_inner width=&#8221;1\/2&#8243;][vc_empty_space height=&#8221;55px&#8221;][vc_custom_heading text=&#8221;Pla Editorial Social Content&#8221; font_container=&#8221;tag:h2|text_align:left|color:%23ffffff&#8221; use_theme_fonts=&#8221;yes&#8221; css_animation=&#8221;fadeInDown&#8221;][vc_column_text]<\/p>\n<p style=\"text-align: left;color: #fff;font-size: 1.6rem;font-family: 'montserrat'\">Mai va ser tan f\u00e0cil programar la planificaci\u00f3 de les teves xarxes socials com amb ADA. Programa, duplica publicacions i mou-les al teu gust dins del calencari<\/p>\n<p>[\/vc_column_text][\/vc_column_inner][\/vc_row_inner][\/vc_column][\/vc_row][vc_row full_width=&#8221;stretch_row&#8221; equal_height=&#8221;yes&#8221; content_placement=&#8221;middle&#8221; css=&#8221;.vc_custom_1613645944803{padding-top: 3% !important;padding-right: 0px !important;padding-bottom: 3% !important;padding-left: 0px !important;}&#8221; el_class=&#8221;ver-align&#8221;][vc_column width=&#8221;1\/12&#8243;][\/vc_column][vc_column width=&#8221;5\/12&#8243;][vc_single_image image=&#8221;15932&#8243; img_size=&#8221;full&#8221;][\/vc_column][vc_column width=&#8221;1\/12&#8243; css=&#8221;.vc_custom_1613645913688{padding-top: 3% !important;padding-right: 0px !important;padding-bottom: 3% !important;padding-left: 0px !important;background-position: center !important;background-repeat: no-repeat !important;background-size: contain !important;}&#8221;][\/vc_column][vc_column width=&#8221;4\/12&#8243;][vc_column_text]A ADA planificar les publicacions de les teves xarxes socials \u00e9s molt senzill.<\/p>\n<p>Iniciarem des de DISTRIBUIR\/SOCIAL CONTENT. ens donar\u00e0 acc\u00e9s a un calendari on podrem comen\u00e7ar a programar les publicacions creades i hostatjades a l&#8217;arxiu de posts a l&#8217;espera de la seva programaci\u00f3.[\/vc_column_text][vc_btn title=&#8221;Registra&#8217;t GRATIS&#8221; style=&#8221;custom&#8221; custom_background=&#8221;#9c495d&#8221; custom_text=&#8221;#ffffff&#8221; shape=&#8221;round&#8221; size=&#8221;lg&#8221; align=&#8221;left&#8221; css_animation=&#8221;fadeInUp&#8221; link=&#8221;url:https%3A%2F%2Flps.adaoncloud.com%2F2IHj2&#8243;][\/vc_column][vc_column width=&#8221;1\/12&#8243;][\/vc_column][\/vc_row][vc_row full_width=&#8221;stretch_row&#8221; equal_height=&#8221;yes&#8221; content_placement=&#8221;middle&#8221; css=&#8221;.vc_custom_1616147346840{padding-top: 3% !important;padding-right: 0px !important;padding-bottom: 3% !important;padding-left: 0px !important;background-color: #f8f8f8 !important;}&#8221; el_class=&#8221;ver-align hidden-sm hidden-xs&#8221;][vc_column width=&#8221;1\/12&#8243;][\/vc_column][vc_column width=&#8221;4\/12&#8243;][vc_empty_space height=&#8221;55px&#8221;][vc_column_text]Per programar la primera publicaci\u00f3 has de punxar amb el ratol\u00ed el dia que desitges, i t&#8217;apareixer\u00e0 una finestra emergent que et demanar\u00e0 l&#8217;hora de la publicaci\u00f3.<\/p>\n<p>Seguidament et traslladar\u00e0 a Arxiu de Posts perqu\u00e8 tries la publicaci\u00f3 que vulguis programar i en quines xarxes socials vols fer-ho. \u00c9s tan senzill com fer clic en qu\u00e8 desitges. Nom\u00e9s et quedar\u00e0 si vols programar-lo o publicar ara.[\/vc_column_text][vc_btn title=&#8221;Registra&#8217;t GRATIS&#8221; style=&#8221;custom&#8221; custom_background=&#8221;#9c495d&#8221; custom_text=&#8221;#ffffff&#8221; shape=&#8221;round&#8221; size=&#8221;lg&#8221; align=&#8221;left&#8221; css_animation=&#8221;fadeInUp&#8221; link=&#8221;url:https%3A%2F%2Flps.adaoncloud.com%2F2IHj2&#8243;][\/vc_column][vc_column width=&#8221;1\/12&#8243; css=&#8221;.vc_custom_1613645913688{padding-top: 3% !important;padding-right: 0px !important;padding-bottom: 3% !important;padding-left: 0px !important;background-position: center !important;background-repeat: no-repeat !important;background-size: contain !important;}&#8221;][\/vc_column][vc_column width=&#8221;5\/12&#8243;][vc_single_image image=&#8221;15934&#8243; img_size=&#8221;full&#8221;][\/vc_column][vc_column width=&#8221;1\/12&#8243;][\/vc_column][\/vc_row][vc_row full_width=&#8221;stretch_row&#8221; equal_height=&#8221;yes&#8221; content_placement=&#8221;middle&#8221; css=&#8221;.vc_custom_1616147354699{padding-top: 3% !important;padding-right: 0px !important;padding-bottom: 3% !important;padding-left: 0px !important;background-color: #f8f8f8 !important;}&#8221; el_class=&#8221;ver-align hidden-lg hidden-md&#8221;][vc_column width=&#8221;1\/12&#8243;][\/vc_column][vc_column width=&#8221;5\/12&#8243;][vc_single_image image=&#8221;15934&#8243; img_size=&#8221;full&#8221;][\/vc_column][vc_column width=&#8221;1\/12&#8243; css=&#8221;.vc_custom_1613645913688{padding-top: 3% !important;padding-right: 0px !important;padding-bottom: 3% !important;padding-left: 0px !important;background-position: center !important;background-repeat: no-repeat !important;background-size: contain !important;}&#8221;][\/vc_column][vc_column width=&#8221;4\/12&#8243;][vc_empty_space height=&#8221;55px&#8221;][vc_column_text]Per programar la primera publicaci\u00f3 has de punxar amb el ratol\u00ed el dia que desitges, i t&#8217;apareixer\u00e0 una finestra emergent que et demanar\u00e0 l&#8217;hora de la publicaci\u00f3.<\/p>\n<p>Seguidament et traslladar\u00e0 a Arxiu de Posts perqu\u00e8 tries la publicaci\u00f3 que vulguis programar i en quines xarxes socials vols fer-ho. \u00c9s tan senzill com fer clic en qu\u00e8 desitges. Nom\u00e9s et quedar\u00e0 si vols programar-lo o publicar ara.[\/vc_column_text][vc_btn title=&#8221;Registra&#8217;t GRATIS&#8221; style=&#8221;custom&#8221; custom_background=&#8221;#9c495d&#8221; custom_text=&#8221;#ffffff&#8221; shape=&#8221;round&#8221; size=&#8221;lg&#8221; align=&#8221;left&#8221; css_animation=&#8221;fadeInUp&#8221; link=&#8221;url:https%3A%2F%2Flps.adaoncloud.com%2F2IHj2&#8243;][\/vc_column][vc_column width=&#8221;1\/12&#8243;][\/vc_column][\/vc_row][vc_row full_width=&#8221;stretch_row&#8221; equal_height=&#8221;yes&#8221; content_placement=&#8221;middle&#8221; css=&#8221;.vc_custom_1613645944803{padding-top: 3% !important;padding-right: 0px !important;padding-bottom: 3% !important;padding-left: 0px !important;}&#8221; el_class=&#8221;ver-align&#8221;][vc_column width=&#8221;1\/12&#8243;][\/vc_column][vc_column width=&#8221;5\/12&#8243;][vc_single_image image=&#8221;15936&#8243; img_size=&#8221;full&#8221;][\/vc_column][vc_column width=&#8221;1\/12&#8243; css=&#8221;.vc_custom_1613645913688{padding-top: 3% !important;padding-right: 0px !important;padding-bottom: 3% !important;padding-left: 0px !important;background-position: center !important;background-repeat: no-repeat !important;background-size: contain !important;}&#8221;][\/vc_column][vc_column width=&#8221;4\/12&#8243;][vc_empty_space height=&#8221;55px&#8221;][vc_column_text]Una vegada programis els teus primers posts veur\u00e0s que en el calendari t&#8217;apareixeran amb la icona de la xarxa social on vagi a ser publicat. Fent clic sobre la icona de la xarxa social tindr\u00e0s una vista pr\u00e8via del post.<\/p>\n<p>Tamb\u00e9 disposar\u00e0s de comandos per a esborrar el post, editar-lo, modificar l&#8217;hora de publicaci\u00f3 o finalment duplicar la publicaci\u00f3 per al dia i hora que vulguis, les vegades que vulguis.<\/p>\n<p>En el cas que t&#8217;equivoquessis en el dia de la publicaci\u00f3, no et preocues, podr\u00e0s arrossegar cada post fins al dia desitjat.[\/vc_column_text][vc_btn title=&#8221;Registra&#8217;t GRATIS&#8221; style=&#8221;custom&#8221; custom_background=&#8221;#9c495d&#8221; custom_text=&#8221;#ffffff&#8221; shape=&#8221;round&#8221; size=&#8221;lg&#8221; align=&#8221;left&#8221; css_animation=&#8221;fadeInUp&#8221; link=&#8221;url:https%3A%2F%2Flps.adaoncloud.com%2F2IHj2&#8243;][\/vc_column][vc_column width=&#8221;1\/12&#8243;][\/vc_column][\/vc_row][vc_row full_width=&#8221;stretch_row&#8221; equal_height=&#8221;yes&#8221; content_placement=&#8221;middle&#8221; css=&#8221;.vc_custom_1616147368710{padding-top: 3% !important;padding-right: 0px !important;padding-bottom: 3% !important;padding-left: 0px !important;background-color: #f8f8f8 !important;}&#8221; el_class=&#8221;ver-align hidden-sm hidden-xs&#8221;][vc_column width=&#8221;1\/12&#8243;][\/vc_column][vc_column width=&#8221;4\/12&#8243;][vc_empty_space height=&#8221;55px&#8221;][vc_column_text]Una vegada creat el teu pla editorial tens la possibilitat d&#8217;enviar-ho per email perqu\u00e8 alg\u00fa et pugui donar el vistiplau a la planificaci\u00f3.<\/p>\n<p>Li arribar\u00e0 un correu des del qual rebr\u00e0 els posts programats per dia, hora i xarxa social.[\/vc_column_text][vc_btn title=&#8221;Registra&#8217;t GRATIS&#8221; style=&#8221;custom&#8221; custom_background=&#8221;#9c495d&#8221; custom_text=&#8221;#ffffff&#8221; shape=&#8221;round&#8221; size=&#8221;lg&#8221; align=&#8221;left&#8221; css_animation=&#8221;fadeInUp&#8221; link=&#8221;url:https%3A%2F%2Flps.adaoncloud.com%2F2IHj2&#8243;][\/vc_column][vc_column width=&#8221;1\/12&#8243; css=&#8221;.vc_custom_1613645913688{padding-top: 3% !important;padding-right: 0px !important;padding-bottom: 3% !important;padding-left: 0px !important;background-position: center !important;background-repeat: no-repeat !important;background-size: contain !important;}&#8221;][\/vc_column][vc_column width=&#8221;5\/12&#8243;][vc_single_image image=&#8221;15938&#8243; img_size=&#8221;full&#8221;][\/vc_column][vc_column width=&#8221;1\/12&#8243;][\/vc_column][\/vc_row][vc_row full_width=&#8221;stretch_row&#8221; equal_height=&#8221;yes&#8221; content_placement=&#8221;middle&#8221; css=&#8221;.vc_custom_1616147378914{padding-top: 3% !important;padding-right: 0px !important;padding-bottom: 3% !important;padding-left: 0px !important;background-color: #f8f8f8 !important;}&#8221; el_class=&#8221;ver-align hidden-lg hidden-md&#8221;][vc_column width=&#8221;1\/12&#8243;][\/vc_column][vc_column width=&#8221;5\/12&#8243;][vc_single_image image=&#8221;15938&#8243; img_size=&#8221;full&#8221;][\/vc_column][vc_column width=&#8221;1\/12&#8243; css=&#8221;.vc_custom_1613645913688{padding-top: 3% !important;padding-right: 0px !important;padding-bottom: 3% !important;padding-left: 0px !important;background-position: center !important;background-repeat: no-repeat !important;background-size: contain !important;}&#8221;][\/vc_column][vc_column width=&#8221;4\/12&#8243;][vc_empty_space height=&#8221;55px&#8221;][vc_column_text]Una vegada creat el teu pla editorial tens la possibilitat d&#8217;enviar-ho per email perqu\u00e8 alg\u00fa et pugui donar el vistiplau a la planificaci\u00f3.<\/p>\n<p>Li arribar\u00e0 un correu des del qual rebr\u00e0 els posts programats per dia, hora i xarxa social.[\/vc_column_text][vc_btn title=&#8221;Registra&#8217;t GRATIS&#8221; style=&#8221;custom&#8221; custom_background=&#8221;#9c495d&#8221; custom_text=&#8221;#ffffff&#8221; shape=&#8221;round&#8221; size=&#8221;lg&#8221; align=&#8221;left&#8221; css_animation=&#8221;fadeInUp&#8221; link=&#8221;url:https%3A%2F%2Flps.adaoncloud.com%2F2IHj2&#8243;][\/vc_column][vc_column width=&#8221;1\/12&#8243;][\/vc_column][\/vc_row][vc_row full_width=&#8221;stretch_row&#8221; equal_height=&#8221;yes&#8221; content_placement=&#8221;middle&#8221; css=&#8221;.vc_custom_1613645944803{padding-top: 3% !important;padding-right: 0px !important;padding-bottom: 3% !important;padding-left: 0px !important;}&#8221; el_class=&#8221;ver-align&#8221;][vc_column width=&#8221;1\/12&#8243;][\/vc_column][vc_column width=&#8221;5\/12&#8243;][vc_single_image image=&#8221;15940&#8243; img_size=&#8221;full&#8221;][\/vc_column][vc_column width=&#8221;1\/12&#8243; css=&#8221;.vc_custom_1613645913688{padding-top: 3% !important;padding-right: 0px !important;padding-bottom: 3% !important;padding-left: 0px !important;background-position: center !important;background-repeat: no-repeat !important;background-size: contain !important;}&#8221;][\/vc_column][vc_column width=&#8221;4\/12&#8243;][vc_empty_space height=&#8221;55px&#8221;][vc_column_text]Al aperturar l&#8217;email apareixeran tots els posts programats, podrem veure&#8217;ls i tindrem tres opcions; rebutjar-los, demanar una modificaci\u00f3 o donar el vistiplau.<\/p>\n<p>Donant al bot\u00f3 rebutjar estarem sol\u00b7licitant que donin el post de baixa del pla editorial.<\/p>\n<p>Si donem al bot\u00f3 \u201cdemanar modificaci\u00f3\u201d podrem escriure el que vulguem que rectifiquin.<\/p>\n<p>Si no rebutgem o sol\u00b7licitem modificaci\u00f3, estarem donant el vistiplau a la publicaci\u00f3[\/vc_column_text][vc_btn title=&#8221;Registra&#8217;t GRATIS&#8221; style=&#8221;custom&#8221; custom_background=&#8221;#9c495d&#8221; custom_text=&#8221;#ffffff&#8221; shape=&#8221;round&#8221; size=&#8221;lg&#8221; align=&#8221;left&#8221; css_animation=&#8221;fadeInUp&#8221; link=&#8221;url:https%3A%2F%2Flps.adaoncloud.com%2F2IHj2&#8243;][\/vc_column][vc_column width=&#8221;1\/12&#8243;][\/vc_column][\/vc_row][vc_row full_width=&#8221;stretch_row&#8221; equal_height=&#8221;yes&#8221; content_placement=&#8221;middle&#8221; css=&#8221;.vc_custom_1616147412777{padding-top: 3% !important;padding-right: 0px !important;padding-bottom: 3% !important;padding-left: 0px !important;background-color: #f8f8f8 !important;}&#8221; el_class=&#8221;ver-align hidden-sm hidden-xs&#8221;][vc_column width=&#8221;1\/12&#8243;][\/vc_column][vc_column width=&#8221;4\/12&#8243;][vc_empty_space height=&#8221;55px&#8221;][vc_column_text]Quan accedim al calendari veurem que al costat de la icona de cada publicaci\u00f3 tenim una franja vertical que el seu color indicar\u00e0 el seu estat.<\/p>\n<p>Per exemple si ens ho han rebutjat estar\u00e0 en negre, si ens han demanat una modificaci\u00f3 estar\u00e0 en gris i si ens han donat el seu vistiplau estar\u00e0 en verd i al costat de l&#8217;hora de publicaci\u00f3 apareixer\u00e0 la imatge d&#8217;un sobre. Que indica que s&#8217;ha enviat per correu i han donat la seva aprovaci\u00f3.[\/vc_column_text][vc_btn title=&#8221;Registra&#8217;t GRATIS&#8221; style=&#8221;custom&#8221; custom_background=&#8221;#9c495d&#8221; custom_text=&#8221;#ffffff&#8221; shape=&#8221;round&#8221; size=&#8221;lg&#8221; align=&#8221;left&#8221; css_animation=&#8221;fadeInUp&#8221; link=&#8221;url:https%3A%2F%2Flps.adaoncloud.com%2F2IHj2&#8243;][\/vc_column][vc_column width=&#8221;1\/12&#8243; css=&#8221;.vc_custom_1613645913688{padding-top: 3% !important;padding-right: 0px !important;padding-bottom: 3% !important;padding-left: 0px !important;background-position: center !important;background-repeat: no-repeat !important;background-size: contain !important;}&#8221;][\/vc_column][vc_column width=&#8221;5\/12&#8243;][vc_single_image image=&#8221;15942&#8243; img_size=&#8221;full&#8221;][\/vc_column][vc_column width=&#8221;1\/12&#8243;][\/vc_column][\/vc_row][vc_row full_width=&#8221;stretch_row&#8221; equal_height=&#8221;yes&#8221; content_placement=&#8221;middle&#8221; css=&#8221;.vc_custom_1616147409509{padding-top: 3% !important;padding-right: 0px !important;padding-bottom: 3% !important;padding-left: 0px !important;background-color: #f8f8f8 !important;}&#8221; el_class=&#8221;ver-align hidden-lg hidden-md&#8221;][vc_column width=&#8221;1\/12&#8243;][\/vc_column][vc_column width=&#8221;5\/12&#8243;][vc_single_image image=&#8221;15942&#8243; img_size=&#8221;full&#8221;][\/vc_column][vc_column width=&#8221;1\/12&#8243; css=&#8221;.vc_custom_1613645913688{padding-top: 3% !important;padding-right: 0px !important;padding-bottom: 3% !important;padding-left: 0px !important;background-position: center !important;background-repeat: no-repeat !important;background-size: contain !important;}&#8221;][\/vc_column][vc_column width=&#8221;4\/12&#8243;][vc_empty_space height=&#8221;55px&#8221;][vc_column_text]Quan accedim al calendari veurem que al costat de la icona de cada publicaci\u00f3 tenim una franja vertical que el seu color indicar\u00e0 el seu estat.<\/p>\n<p>Per exemple si ens ho han rebutjat estar\u00e0 en negre, si ens han demanat una modificaci\u00f3 estar\u00e0 en gris i si ens han donat el seu vistiplau estar\u00e0 en verd i al costat de l&#8217;hora de publicaci\u00f3 apareixer\u00e0 la imatge d&#8217;un sobre. Que indica que s&#8217;ha enviat per correu i han donat la seva aprovaci\u00f3.[\/vc_column_text][vc_btn title=&#8221;Registra&#8217;t GRATIS&#8221; style=&#8221;custom&#8221; custom_background=&#8221;#9c495d&#8221; custom_text=&#8221;#ffffff&#8221; shape=&#8221;round&#8221; size=&#8221;lg&#8221; align=&#8221;left&#8221; css_animation=&#8221;fadeInUp&#8221; link=&#8221;url:https%3A%2F%2Flps.adaoncloud.com%2F2IHj2&#8243;][\/vc_column][vc_column width=&#8221;1\/12&#8243;][\/vc_column][\/vc_row][\/vc_section][vc_row el_class=&#8221;bottomMenu&#8221;][vc_column width=&#8221;1\/3&#8243;][vc_btn title=&#8221;Live webinar | Inscr\u00edbete gratis&#8221; style=&#8221;custom&#8221; custom_background=&#8221;#9c495d&#8221; custom_text=&#8221;#ffffff&#8221; shape=&#8221;round&#8221; size=&#8221;xs&#8221; align=&#8221;left&#8221; i_icon_fontawesome=&#8221;fas fa-circle&#8221; add_icon=&#8221;true&#8221; link=&#8221;url:https%3A%2F%2Fwww.adaoncloud.com%2Fcat%2Fwebinars%2F|title:webinars&#8221;][\/vc_column][vc_column width=&#8221;1\/3&#8243;][\/vc_column][vc_column width=&#8221;1\/3&#8243;][\/vc_column][\/vc_row]<\/p>\n","protected":false},"excerpt":{"rendered":"<p>[vc_row full_width=&#8221;stretch_row_content_no_spaces&#8221; equal_height=&#8221;yes&#8221; rtl_reverse=&#8221;yes&#8221; content_placement=&#8221;top&#8221; css=&#8221;.vc_custom_1613661852478{margin-bottom: 0px !important;padding-bottom: 0px !important;}&#8221;][vc_column width=&#8221;1\/3&#8243;][vc_custom_heading text=&#8221;Integra Optimitza Administra&#8221; font_container=&#8221;tag:h1|font_size:60px|text_align:left|color:%23083944&#8243; use_theme_fonts=&#8221;yes&#8221; css_animation=&#8221;fadeInDown&#8221;][vc_column_text css_animation=&#8221;fadeInUp&#8221; el_class=&#8221;paragrafo padding10 font15&#8243;] Social Content Gestiona les teves xarxes socials des d&#8217;ADA. Podr\u00e0s crear diversos tipus de continguts, guardar-los i crear un pla editorial per planificar tot un per\u00edode de temps.[\/vc_column_text][vc_btn title=&#8221;Registra&#8217;t GRATIS&#8221; style=&#8221;custom&#8221; custom_background=&#8221;#9c495d&#8221; custom_text=&#8221;#ffffff&#8221; shape=&#8221;round&#8221; [&hellip;]<\/p>\n","protected":false},"author":1,"featured_media":0,"parent":0,"menu_order":0,"comment_status":"closed","ping_status":"closed","template":"","meta":{"om_disable_all_campaigns":false},"_links":{"self":[{"href":"https:\/\/www.adaoncloud.com\/cat\/wp-json\/wp\/v2\/pages\/422"}],"collection":[{"href":"https:\/\/www.adaoncloud.com\/cat\/wp-json\/wp\/v2\/pages"}],"about":[{"href":"https:\/\/www.adaoncloud.com\/cat\/wp-json\/wp\/v2\/types\/page"}],"author":[{"embeddable":true,"href":"https:\/\/www.adaoncloud.com\/cat\/wp-json\/wp\/v2\/users\/1"}],"replies":[{"embeddable":true,"href":"https:\/\/www.adaoncloud.com\/cat\/wp-json\/wp\/v2\/comments?post=422"}],"version-history":[{"count":37,"href":"https:\/\/www.adaoncloud.com\/cat\/wp-json\/wp\/v2\/pages\/422\/revisions"}],"predecessor-version":[{"id":15943,"href":"https:\/\/www.adaoncloud.com\/cat\/wp-json\/wp\/v2\/pages\/422\/revisions\/15943"}],"wp:attachment":[{"href":"https:\/\/www.adaoncloud.com\/cat\/wp-json\/wp\/v2\/media?parent=422"}],"curies":[{"name":"wp","href":"https:\/\/api.w.org\/{rel}","templated":true}]}}